{"id":815,"date":"2019-06-27T21:17:39","date_gmt":"2019-06-27T19:17:39","guid":{"rendered":"https:\/\/www.fisioterapia-xaviercerrato.com\/new\/?page_id=815"},"modified":"2020-06-30T11:09:35","modified_gmt":"2020-06-30T09:09:35","slug":"centre-de-fisioterapia","status":"publish","type":"page","link":"https:\/\/www.fisioterapia-xaviercerrato.com\/ca\/centre-de-fisioterapia\/","title":{"rendered":"Centre de fisioter\u00e0pia"},"content":{"rendered":"\n\n  <div class=\"banner has-hover\" id=\"banner-931217053\">\n          <div class=\"banner-inner fill\">\n        <div class=\"banner-bg fill\" >\n            <img loading=\"lazy\" decoding=\"async\" width=\"5601\" height=\"3734\" src=\"https:\/\/www.fisioterapia-xaviercerrato.com\/wp-content\/uploads\/2019\/04\/centro-de-fisioterapia-barcelona.jpg\" class=\"bg attachment-original size-original\" alt=\"\" \/>                                    \n                    <\/div>\n\t\t\n        <div class=\"banner-layers container\">\n            <div class=\"fill banner-link\"><\/div>            \n\n\n        <\/div>\n      <\/div>\n\n            \n<style>\n#banner-931217053 {\n  padding-top: 459px;\n}\n#banner-931217053 .banner-bg img {\n  object-position: 41% 15%;\n}\n<\/style>\n  <\/div>\n\n\n<div class=\"row\"  id=\"row-1745259874\">\n\n\n\t<div id=\"col-1497092848\" class=\"col small-12 large-12\"  >\n\t\t\t\t<div class=\"col-inner\"  >\n\t\t\t\n\t\t\t\n\n\n\t<section class=\"section\" id=\"section_1771555903\">\n\t\t<div class=\"section-bg fill\" >\n\t\t\t\t\t\t\t\t\t\n\t\t\t\n\n\t\t<\/div>\n\n\t\t\n\n\t\t<div class=\"section-content relative\">\n\t\t\t\n\n<p>El centre <strong>Fisioter\u00e0pia Xavier Cerrato<\/strong> t\u00e9 m\u00e9s de 30 anys d&#8217;experi\u00e8ncia.<\/p>\n<p>Entenem la fisioter\u00e0pia com un<strong> conjunt de m\u00e8todes per valorar, diagnosticar i realitzar el tractament de les problem\u00e0tiques neuromusculoesquel\u00e8tiques<\/strong> que provoca la vida di\u00e0ria.<\/p>\n<p><span style=\"font-size: 105%;\"><strong>La nostra missi\u00f3:<\/strong><\/span><\/p>\n<p>Nosaltres treballem perqu\u00e8 moltes persones (treballadores, jubilades, joves, nens) trobin resposta als seus <strong>dolors d&#8217;esquena, problemes musculars i esquel\u00e8tics<\/strong> i puguin portar <strong>una vida plena<\/strong> en els seus \u00e0mbits laboral, familiar, social i esportiu<\/p>\n<p><span style=\"font-size: 105%;\"><strong>Els nostres valors:<br \/><\/strong><\/span><\/p>\n<ul>\n<li>Personalitzaci\u00f3<\/li>\n<li>Proximitat<\/li>\n<li>Innovaci\u00f3<\/li>\n<\/ul>\n<p>* Realitzem sessions individualitzades de ter\u00e0pia manual amb programes d&#8217;exercici f\u00edsic.<\/p>\n<p>*Utilitzem t\u00e8cniques manuals, tecnol\u00f2giques (ones de xoc, electroter\u00e0pia&#8230;) i programes d&#8217;exercici f\u00edsic per completar el tractament individual i personalitzat.<\/p>\n<p>*Quan cal tamb\u00e9 fem servir altres eines tecnol\u00f2giques de la fisioter\u00e0pia.<\/p>\n<p>*Tractem cada cas de forma personalitzada i amb les \u00faltimes innovacions per aconseguir els millors resultats.<\/p>\n<p>&nbsp;<\/p>\n<h3><strong>EL NOSTRE EQUIP:<\/strong><\/h3>\n<div class=\"row row-large\"  id=\"row-1928920691\">\n\n\n\t<div id=\"col-679169667\" class=\"col medium-4 small-12 large-4\"  >\n\t\t\t\t<div class=\"col-inner\"  >\n\t\t\t\n\t\t\t\n\n\t<div class=\"box has-hover   has-hover box-default box-text-bottom\" >\n\n\t\t<div class=\"box-image\" >\n\t\t\t\t\t\t<div class=\"image-cover\" style=\"padding-top:100%;\">\n\t\t\t\t<img loading=\"lazy\" decoding=\"async\" width=\"3797\" height=\"5696\" src=\"https:\/\/www.fisioterapia-xaviercerrato.com\/wp-content\/uploads\/2019\/04\/xavier-cerrato.jpg\" class=\"attachment- size-\" alt=\"\" srcset=\"https:\/\/www.fisioterapia-xaviercerrato.com\/wp-content\/uploads\/2019\/04\/xavier-cerrato.jpg 3797w, https:\/\/www.fisioterapia-xaviercerrato.com\/wp-content\/uploads\/2019\/04\/xavier-cerrato-267x400.jpg 267w, https:\/\/www.fisioterapia-xaviercerrato.com\/wp-content\/uploads\/2019\/04\/xavier-cerrato-768x1152.jpg 768w, https:\/\/www.fisioterapia-xaviercerrato.com\/wp-content\/uploads\/2019\/04\/xavier-cerrato-533x800.jpg 533w\" sizes=\"auto, (max-width: 3797px) 100vw, 3797px\" \/>\t\t\t\t\t\t\t\t\t\t\t<\/div>\n\t\t\t\t\t<\/div>\n\n\t\t<div class=\"box-text text-center\" >\n\t\t\t<div class=\"box-text-inner\">\n\t\t\t\t\n\n<p><strong><span style=\"font-size: 110%;\">Xavier Cerrato G\u00f3mez<\/span><br \/><\/strong>Facultat de Ci\u00e8ncies de la Salut Blanquerna<br \/>Fisioter\u00e0pia en traumatologia i reumatologia. Fisioter\u00e0pia de l&#8217;esport.<br \/>N\u00famero de Col\u00b7legiat 8908<\/p>\n\n\t\t\t<\/div>\n\t\t<\/div>\n\t<\/div>\n\t\n\n\t\t<\/div>\n\t\t\t\t\t<\/div>\n\n\t\n\n\t<div id=\"col-779572194\" class=\"col medium-8 small-12 large-8\"  >\n\t\t\t\t<div class=\"col-inner\"  >\n\t\t\t\n\t\t\t\n\n<h3>ALTRES DADES D&#8217;INTER\u00c8S:<\/h3>\n<ul>\n<li><strong>Fisioterapeuta de la Federaci\u00f3 Catalana de Triatl\u00f3<\/strong> des de 1998. Participant en tots els Campionats d&#8217;Espanya per Autonomies de triatl\u00f3 i duatl\u00f3 fins a l&#8217;any 2007.<\/li>\n<li>Postgrau en Dolor i disfunci\u00f3 miofascial (DDM) i Punci\u00f3 seca. Universitat internacional de Catalunya UIC. 2012-2013<\/li>\n<li><strong>Certificaci\u00f3n Internacional en Coaching Deportivo<\/strong>. 5 de noviembre 2014. Centro de Formaci\u00f3n Superior en Postgrados Euroinnova Business School. Universidad de Granada<\/li>\n<li>Formaci\u00f3n en quiromasaje en la <strong>Escuela Espa\u00f1ola de Quiromasaje<\/strong> V. L. Ferr\u00e1ndiz 1978. Diploma Quiromasaje. 19 dic 1985.<\/li>\n<li><strong>Manuelle Lymphadrinage<\/strong> nach Dr. Vooder. Kopenhagen. Originalmethode Lymphatica<\/li>\n<li>Massatge xin\u00e8s (tuina). 1 des 1992. Wang Muquin Dr. Xong Daching.<\/li>\n<li><strong>T\u00e8cnic acupuntor. 29 de maig 2007. Dr. Antoni M\u00f2naco.<\/strong><\/li>\n<li><strong>Fisioterapeuta, preparador f\u00edsic i entrenador d&#8217;atletisme<\/strong>, per becats en triatl\u00f3 de la Resid\u00e8ncia Blume de Barcelona, \u200b\u200bde 2000 a 2007.<\/li>\n<li><strong>Fisioterapeuta i delegat de la Federaci\u00f3 Catalana de Triatl\u00f3 a la Copa del M\u00f3n Green Cup<\/strong>, Argentina 2005. Subcampions del m\u00f3n.<\/li>\n<li><strong>M\u00e0ster RETAN<\/strong>. M\u00e0ster Universitari Rendiment Esportiu: Tecnificaci\u00f3 i Alt Rendiment.<\/li>\n<li><strong>Neurodin\u00e0mica<\/strong>: Mobilitzacions del Sistema Nervi\u00f3s Perif\u00e8ric. 9 i 10 d&#8217;abril de 2016. Acreditat pel &#8220;Consell Catal\u00e0 de Formaci\u00f3 Continuada de les Professions sanit\u00e0ries&#8221;.<\/li>\n<\/ul>\n<p><strong>I altres formacions de l&#8217;\u00e0mbit.<\/strong><\/p>\n\n\t\t<\/div>\n\t\t\t\t\t<\/div>\n\n\t\n\n<\/div>\n<div class=\"row row-small\"  id=\"row-1365219504\">\n\n\n\t<div id=\"col-414580164\" class=\"col medium-4 small-12 large-4\"  >\n\t\t\t\t<div class=\"col-inner\"  >\n\t\t\t\n\t\t\t\n\n\n\t\t<\/div>\n\t\t\t\t\t<\/div>\n\n\t\n\n\t<div id=\"col-457251773\" class=\"col medium-8 small-12 large-8\"  >\n\t\t\t\t<div class=\"col-inner\"  >\n\t\t\t\n\t\t\t\n\n\n\t\t<\/div>\n\t\t\t\t\t<\/div>\n\n\t\n\n\n<style>\n#row-1365219504 > .col > .col-inner {\n  background-color: rgb(246, 246, 246);\n}\n<\/style>\n<\/div>\n<div class=\"row\"  id=\"row-103407868\">\n\n\n\t<div id=\"col-718222534\" class=\"col small-12 large-12\"  >\n\t\t\t\t<div class=\"col-inner\"  >\n\t\t\t\n\t\t\t\n\n<p><span style=\"font-size: 110%;\"><strong>ON SOM:<\/strong><\/span><\/p>\n<p>La <strong>Consulta de Fisioter\u00e0pia de Barcelona Xavier Cerrato est\u00e0 situada a la Barceloneta<\/strong>, el barri mariner de Barcelona.<\/p>\n<p>Es pot arribar a<strong> METRO L\u00ednia 4, groga, parada Barceloneta. Per diferents l\u00ednies d&#8217;autob\u00fas (17, 39, 45, 64)<\/strong> o trobar aparcament a la zona blava, o en els aparcaments municipals del Mercat de la Barceloneta o del Passeig Joan de Borb\u00f3.<\/p>\n<p>Entrant des del Passeig Joan de Borb\u00f3, pel carrer Ginebra o carrer Maquinista, el nov\u00e8 carrer paral\u00b7lel al Passeig \u00e9s el carrer Mariners.<\/p>\n<p>Tamb\u00e9 podeu gaudir d&#8217;un agradable passeig vora el mar.<\/p>\n<p>&nbsp;<\/p>\n\n\t\t<\/div>\n\t\t\t\t\t<\/div>\n\n\t\n\n<\/div>\n\n\t\t<\/div>\n\n\t\t\n<style>\n#section_1771555903 {\n  padding-top: 30px;\n  padding-bottom: 30px;\n}\n<\/style>\n\t<\/section>\n\t\n\n\t\t<\/div>\n\t\t\t\t\t<\/div>\n\n\t\n\n<\/div>\n\n","protected":false},"excerpt":{"rendered":"","protected":false},"author":1,"featured_media":0,"parent":0,"menu_order":0,"comment_status":"closed","ping_status":"closed","template":"page-blank.php","meta":{"_joinchat":[],"footnotes":""},"class_list":["post-815","page","type-page","status-publish","hentry"],"_links":{"self":[{"href":"https:\/\/www.fisioterapia-xaviercerrato.com\/ca\/wp-json\/wp\/v2\/pages\/815","targetHints":{"allow":["GET"]}}],"collection":[{"href":"https:\/\/www.fisioterapia-xaviercerrato.com\/ca\/wp-json\/wp\/v2\/pages"}],"about":[{"href":"https:\/\/www.fisioterapia-xaviercerrato.com\/ca\/wp-json\/wp\/v2\/types\/page"}],"author":[{"embeddable":true,"href":"https:\/\/www.fisioterapia-xaviercerrato.com\/ca\/wp-json\/wp\/v2\/users\/1"}],"replies":[{"embeddable":true,"href":"https:\/\/www.fisioterapia-xaviercerrato.com\/ca\/wp-json\/wp\/v2\/comments?post=815"}],"version-history":[{"count":14,"href":"https:\/\/www.fisioterapia-xaviercerrato.com\/ca\/wp-json\/wp\/v2\/pages\/815\/revisions"}],"predecessor-version":[{"id":1567,"href":"https:\/\/www.fisioterapia-xaviercerrato.com\/ca\/wp-json\/wp\/v2\/pages\/815\/revisions\/1567"}],"wp:attachment":[{"href":"https:\/\/www.fisioterapia-xaviercerrato.com\/ca\/wp-json\/wp\/v2\/media?parent=815"}],"curies":[{"name":"wp","href":"https:\/\/api.w.org\/{rel}","templated":true}]}}