{"id":823,"date":"2019-06-27T22:06:33","date_gmt":"2019-06-27T20:06:33","guid":{"rendered":"https:\/\/www.fisioterapia-xaviercerrato.com\/new\/?page_id=823"},"modified":"2024-08-09T10:41:09","modified_gmt":"2024-08-09T08:41:09","slug":"contacte","status":"publish","type":"page","link":"https:\/\/www.fisioterapia-xaviercerrato.com\/ca\/contacte\/","title":{"rendered":"Contacte"},"content":{"rendered":"\r\n\n\t<section class=\"section\" id=\"section_1508604883\">\n\t\t<div class=\"section-bg fill\" >\n\t\t\t\t\t\t\t\t\t\n\t\t\t\n\n\t\t<\/div>\n\n\t\t\n\n\t\t<div class=\"section-content relative\">\n\t\t\t <div class=\"row row-large\"  id=\"row-1080045836\"> \u00a0\n\t<div id=\"col-250123749\" class=\"col medium-6 small-12 large-6\"  >\n\t\t\t\t<div class=\"col-inner\" style=\"background-color:rgb(250, 250, 250);\" >\n\t\t\t\n\t\t\t\r\n<p><span style=\"font-size: 110%;\"><strong>T&#8217;ajudem amb els nostres tractaments de fisioter\u00e0pia a portar una vida plena a nivell personal i professional.<\/strong><\/span><\/p>\r\n<p>Digues en qu\u00e8 podem ajudar-te i contactarem amb tu abans de les 72 hores.<\/p>\r\n\n<div class=\"wpcf7 no-js\" id=\"wpcf7-f1179-o1\" lang=\"en-US\" dir=\"ltr\" data-wpcf7-id=\"1179\">\n<div class=\"screen-reader-response\"><p role=\"status\" aria-live=\"polite\" aria-atomic=\"true\"><\/p> <ul><\/ul><\/div>\n<form action=\"\/ca\/wp-json\/wp\/v2\/pages\/823#wpcf7-f1179-o1\" method=\"post\" class=\"wpcf7-form init\" aria-label=\"Contact form\" novalidate=\"novalidate\" data-status=\"init\">\n<fieldset class=\"hidden-fields-container\"><input type=\"hidden\" name=\"_wpcf7\" value=\"1179\" \/><input type=\"hidden\" name=\"_wpcf7_version\" value=\"6.1.4\" \/><input type=\"hidden\" name=\"_wpcf7_locale\" value=\"en_US\" \/><input type=\"hidden\" name=\"_wpcf7_unit_tag\" value=\"wpcf7-f1179-o1\" \/><input type=\"hidden\" name=\"_wpcf7_container_post\" value=\"0\" \/><input type=\"hidden\" name=\"_wpcf7_posted_data_hash\" value=\"\" \/><input type=\"hidden\" name=\"_wpcf7_recaptcha_response\" value=\"\" \/>\n<\/fieldset>\n<p><span class=\"wpcf7-form-control-wrap\" data-name=\"your-name\"><input size=\"40\" maxlength=\"400\" class=\"wpcf7-form-control wpcf7-text wpcf7-validates-as-required\" aria-required=\"true\" aria-invalid=\"false\" placeholder=\"Nom (obligatori)\" value=\"\" type=\"text\" name=\"your-name\" \/><\/span>\n<\/p>\n<p><span class=\"wpcf7-form-control-wrap\" data-name=\"your-email\"><input size=\"40\" maxlength=\"400\" class=\"wpcf7-form-control wpcf7-email wpcf7-validates-as-required wpcf7-text wpcf7-validates-as-email\" aria-required=\"true\" aria-invalid=\"false\" placeholder=\"Email (obligatori)\" value=\"\" type=\"email\" name=\"your-email\" \/><\/span>\n<\/p>\n<p><span class=\"wpcf7-form-control-wrap\" data-name=\"your-message\"><textarea cols=\"40\" rows=\"10\" maxlength=\"2000\" class=\"wpcf7-form-control wpcf7-textarea\" aria-invalid=\"false\" placeholder=\"Missatge (obligatori)\" name=\"your-message\"><\/textarea><\/span>\n<\/p>\n<p style=\"font-size:12px;\">INFORMACI\u00d3 B\u00c0SICA DE PROTECCI\u00d3 DE DADES: En compliment del deure d\u2019 informar als interessats de les circumst\u00e0ncies i condicions del tractament de les seves dades i dels drets que l\u2019 assisteixen, posem a la seva disposici\u00f3 la seg\u00fcent informaci\u00f3.\n<\/p>\n<p style=\"font-size:12px;\">RESPONSABLE DEL TRACTAMENT: Francisco Javier Cerrato Gomez\n<\/p>\n<p style=\"font-size:12px;\">FINALITAT DEL TRACTAMENT DE LES SEVES DADES: Gestionar i respondre la seva consulta.\n<\/p>\n<p style=\"font-size:12px;\">CONSERVACI\u00d3 DE LES DADES: Les dades es conserven el temps estrictament necessari per a la relaci\u00f3 i el que es exigible legalment, sent destru\u00efdes posteriorment mitjan\u00e7ant els processos segurs de l\u2019organitzaci\u00f3.\n<\/p>\n<p style=\"font-size:12px;\">LEGITIMACI\u00d3 PER A EL TRACTAMENT: Inter\u00e8s leg\u00edtim de les parts per a donar resposta a la sol\u00b7licitud d\u2019informaci\u00f3.\n<\/p>\n<p style=\"font-size:12px;\">DESTINATARIS DE LES SEVES DADES PERSONALS: No es preveuen cessions de dades excepte en aquells casos que existeixi una obligaci\u00f3 legal. No hi ha previsi\u00f3 de transfer\u00e8ncies de dades internacionals.\n<\/p>\n<p style=\"font-size:12px;\">ELS SEUS DRETS: Pot revocar el consentiment i exercir els seus drets a accedir, rectificar, oposar-se, limitar, portar i suprimir dades escrivint a Francisco Javier Cerrato Gomez, a C\/Mariners N\u00ba3 Bajo, 08003 Barcelona (Barcelona) a m\u00e9s d\u2019 acudir a l\u2019 autoritat de control competent (AEPD)\n<\/p>\n<p><span class=\"wpcf7-form-control-wrap\" data-name=\"acceptance-390\"><span class=\"wpcf7-form-control wpcf7-acceptance\"><span class=\"wpcf7-list-item\"><label><input type=\"checkbox\" name=\"acceptance-390\" value=\"1\" aria-invalid=\"false\" \/><span class=\"wpcf7-list-item-label\">Accepto les condicions de l\u2019\u00fas del formulari de contacte<\/span><\/label><\/span><\/span><\/span>\n<\/p>\n<p><span class=\"wpcf7-form-control-wrap\" data-name=\"acceptance-90\"><span class=\"wpcf7-form-control wpcf7-acceptance optional\"><span class=\"wpcf7-list-item\"><label><input type=\"checkbox\" name=\"acceptance-90\" value=\"1\" aria-invalid=\"false\" \/><span class=\"wpcf7-list-item-label\">Accepto que les meves dades identificatives siguin incloses per a finalitats comercials de Francisco Javier Cerrato Gomez.<\/span><\/label><\/span><\/span><\/span>\n<\/p>\n<p><input class=\"wpcf7-form-control wpcf7-submit has-spinner button\" type=\"submit\" value=\"Enviar\" \/>\n<\/p><div class=\"wpcf7-response-output\" aria-hidden=\"true\"><\/div>\n<\/form>\n<\/div>\n \t\t<\/div>\n\t\t\t\t\t<\/div>\n\n\t \n\t<div id=\"col-334874692\" class=\"col medium-6 small-12 large-6\"  >\n\t\t\t\t<div class=\"col-inner\"  >\n\t\t\t\n\t\t\t\r\n<h5 class=\"mk-shortcode mk-fancy-title pattern-style mk-shortcode-heading\">FISIOTER\u00c0PIA XAVIER CERRATO<\/h5>\r\n<p>Fisioter\u00e0pia Xavier Cerrato<\/p>\r\n<p><a href=\"https:\/\/maps.app.goo.gl\/fhHtCjJ5hEuJJG449\">Carrer dels Mariners, 3 (Link a Google Maps)<\/a><\/p>\r\n<p><a href=\"https:\/\/wa.me\/34679459934\/?text=Hey\"><i class=\"fab fa-whatsapp\"> <\/i> 679459934 <\/a><\/p>\r\n<p><a href=\"mailto:fisiocerrato@gmail.com\">fisiocerrato@gmail.com<\/a><\/p>\r\n<p><a href=\"https:\/\/www.fisioterapia-xaviercerrato.com\/\">www.fisioterapia-xaviercerrato.com<\/a><\/p>\r\n<p>&nbsp;<\/p>\r\n<div class=\"row row-collapse\"  id=\"row-1746752986\"> \n\t<div id=\"col-240559730\" class=\"col medium-2 small-6 large-2\"  >\n\t\t\t\t<div class=\"col-inner\"  >\n\t\t\t\n\t\t\t\r\n<p style=\"color: #ffffff; background: #09CDFF; font-size: 75%; text-align: center; margin-bottom: 0px;\">DILLUNS<\/p>\r\n<p style=\"text-align: center;\"><span style=\"font-size: 75%;\">De 15.00h a 22.00h<\/span><\/p>\r\n\t\t<\/div>\n\t\t\t\t\t<\/div>\n\n\t \n\t<div id=\"col-1826624573\" class=\"col medium-2 small-6 large-2\"  >\n\t\t\t\t<div class=\"col-inner\"  >\n\t\t\t\n\t\t\t\r\n<p style=\"color: #ffffff; background: #09CDFF; font-size: 75%; text-align: center; margin-bottom: 0px;\">DIMARTS<\/p>\r\n<p style=\"text-align: center;\"><span style=\"font-size: 75%;\">De 15.00h a 22.00h<\/span><\/p>\r\n\t\t<\/div>\n\t\t\t\t\t<\/div>\n\n\t \n\t<div id=\"col-1128326617\" class=\"col medium-2 small-6 large-2\"  >\n\t\t\t\t<div class=\"col-inner\"  >\n\t\t\t\n\t\t\t\r\n<p style=\"color: #ffffff; background: #09CDFF; font-size: 75%; text-align: center; margin-bottom: 0px;\">DIMECRES<\/p>\r\n<p style=\"text-align: center;\"><span style=\"font-size: 75%;\">De 15.00h a 22.00h<\/span><\/p>\r\n\t\t<\/div>\n\t\t\t\t\t<\/div>\n\n\t \n\t<div id=\"col-1694458157\" class=\"col medium-2 small-6 large-2\"  >\n\t\t\t\t<div class=\"col-inner\"  >\n\t\t\t\n\t\t\t\r\n<p style=\"color: #ffffff; background: #09CDFF; font-size: 75%; text-align: center; margin-bottom: 0px;\">DIJOUS<\/p>\r\n<p style=\"text-align: center;\"><span style=\"font-size: 75%;\">De 15.00h a 22.00h<\/span><\/p>\r\n\t\t<\/div>\n\t\t\t\t\t<\/div>\n\n\t \n\t<div id=\"col-763745664\" class=\"col medium-2 small-6 large-2\"  >\n\t\t\t\t<div class=\"col-inner\"  >\n\t\t\t\n\t\t\t\r\n<p style=\"color: #ffffff; background: #09CDFF; font-size: 75%; text-align: center; margin-bottom: 0px;\">DIVENDRES<\/p>\r\n<p style=\"text-align: center;\"><span style=\"font-size: 75%;\">De 15.00h a 22.00h<\/span><\/p>\r\n\t\t<\/div>\n\t\t\t\t\t<\/div>\n\n\t \n<style>\n#row-1746752986 > .col > .col-inner {\n  padding: 0px 0px 0px 0px;\n}\n<\/style>\n<\/div> \t\t<\/div>\n\t\t\t\t\t<\/div>\n\n\t <\/div> \t\t<\/div>\n\n\t\t\n<style>\n#section_1508604883 {\n  padding-top: 30px;\n  padding-bottom: 30px;\n}\n<\/style>\n\t<\/section>\n\t\r\n","protected":false},"excerpt":{"rendered":"<p>\u00a0<\/p>\n","protected":false},"author":1,"featured_media":826,"parent":0,"menu_order":0,"comment_status":"closed","ping_status":"closed","template":"page-blank.php","meta":{"_joinchat":[],"footnotes":""},"class_list":["post-823","page","type-page","status-publish","has-post-thumbnail","hentry"],"_links":{"self":[{"href":"https:\/\/www.fisioterapia-xaviercerrato.com\/ca\/wp-json\/wp\/v2\/pages\/823","targetHints":{"allow":["GET"]}}],"collection":[{"href":"https:\/\/www.fisioterapia-xaviercerrato.com\/ca\/wp-json\/wp\/v2\/pages"}],"about":[{"href":"https:\/\/www.fisioterapia-xaviercerrato.com\/ca\/wp-json\/wp\/v2\/types\/page"}],"author":[{"embeddable":true,"href":"https:\/\/www.fisioterapia-xaviercerrato.com\/ca\/wp-json\/wp\/v2\/users\/1"}],"replies":[{"embeddable":true,"href":"https:\/\/www.fisioterapia-xaviercerrato.com\/ca\/wp-json\/wp\/v2\/comments?post=823"}],"version-history":[{"count":17,"href":"https:\/\/www.fisioterapia-xaviercerrato.com\/ca\/wp-json\/wp\/v2\/pages\/823\/revisions"}],"predecessor-version":[{"id":1772,"href":"https:\/\/www.fisioterapia-xaviercerrato.com\/ca\/wp-json\/wp\/v2\/pages\/823\/revisions\/1772"}],"wp:featuredmedia":[{"embeddable":true,"href":"https:\/\/www.fisioterapia-xaviercerrato.com\/ca\/wp-json\/wp\/v2\/media\/826"}],"wp:attachment":[{"href":"https:\/\/www.fisioterapia-xaviercerrato.com\/ca\/wp-json\/wp\/v2\/media?parent=823"}],"curies":[{"name":"wp","href":"https:\/\/api.w.org\/{rel}","templated":true}]}}